{"version":"1.0","provider_name":"Polen Travel (SV)","provider_url":"https:\/\/www.polen.travel\/sv","author_name":"dariusz.cydejko","author_url":"https:\/\/www.polen.travel\/sv\/author\/dariusz-cydejko\/","title":"P\u00e5sk i Polen \u2013 En tid f\u00f6r tradition, stillsam uppt\u00e4cktsf\u00e4rd och vila - Polen Travel (SV)","type":"rich","width":600,"height":338,"html":"<blockquote class=\"wp-embedded-content\" data-secret=\"I3581EqfoQ\"><a href=\"https:\/\/www.polen.travel\/sv\/pask-i-polen-en-tid-for-tradition\/\">P\u00e5sk i Polen \u2013 En tid f\u00f6r tradition, stillsam uppt\u00e4cktsf\u00e4rd och vila<\/a><\/blockquote><iframe sandbox=\"allow-scripts\" security=\"restricted\" src=\"https:\/\/www.polen.travel\/sv\/pask-i-polen-en-tid-for-tradition\/embed\/#?secret=I3581EqfoQ\" width=\"600\" height=\"338\" title=\"&#8222;P\u00e5sk i Polen \u2013 En tid f\u00f6r tradition, stillsam uppt\u00e4cktsf\u00e4rd och vila&#8221; &#8212; Polen Travel (SV)\" data-secret=\"I3581EqfoQ\" frameborder=\"0\" marginwidth=\"0\" marginheight=\"0\" scrolling=\"no\" class=\"wp-embedded-content\"><\/iframe><script type=\"text\/javascript\">\n\/* <![CDATA[ *\/\n\/*! This file is auto-generated *\/\n!function(d,l){\"use strict\";l.querySelector&&d.addEventListener&&\"undefined\"!=typeof URL&&(d.wp=d.wp||{},d.wp.receiveEmbedMessage||(d.wp.receiveEmbedMessage=function(e){var t=e.data;if((t||t.secret||t.message||t.value)&&!\/[^a-zA-Z0-9]\/.test(t.secret)){for(var s,r,n,a=l.querySelectorAll('iframe[data-secret=\"'+t.secret+'\"]'),o=l.querySelectorAll('blockquote[data-secret=\"'+t.secret+'\"]'),c=new RegExp(\"^https?:$\",\"i\"),i=0;i<o.length;i++)o[i].style.display=\"none\";for(i=0;i<a.length;i++)s=a[i],e.source===s.contentWindow&&(s.removeAttribute(\"style\"),\"height\"===t.message?(1e3<(r=parseInt(t.value,10))?r=1e3:~~r<200&&(r=200),s.height=r):\"link\"===t.message&&(r=new URL(s.getAttribute(\"src\")),n=new URL(t.value),c.test(n.protocol))&&n.host===r.host&&l.activeElement===s&&(d.top.location.href=t.value))}},d.addEventListener(\"message\",d.wp.receiveEmbedMessage,!1),l.addEventListener(\"DOMContentLoaded\",function(){for(var e,t,s=l.querySelectorAll(\"iframe.wp-embedded-content\"),r=0;r<s.length;r++)(t=(e=s[r]).getAttribute(\"data-secret\"))||(t=Math.random().toString(36).substring(2,12),e.src+=\"#?secret=\"+t,e.setAttribute(\"data-secret\",t)),e.contentWindow.postMessage({message:\"ready\",secret:t},\"*\")},!1)))}(window,document);\n\/* ]]> *\/\n<\/script>\n","thumbnail_url":"https:\/\/www.polen.travel\/sv\/wp-content\/uploads\/sites\/22\/2026\/03\/AdobeStock_1817219314-scaled.jpeg","thumbnail_width":2560,"thumbnail_height":1709,"description":"V\u00e5ren \u00e4r en av de b\u00e4sta tiderna att bes\u00f6ka Polen. Naturen vaknar till liv igen, temperaturerna \u00e4r perfekta f\u00f6r l\u00e5nga promenader och p\u00e5 m\u00e5nga platser kan du uppleva den genuina p\u00e5skst\u00e4mningen."}